{"id":1273,"date":"2026-01-21T08:07:01","date_gmt":"2026-01-21T08:07:01","guid":{"rendered":"https:\/\/selmaakcakaya.com.tr\/?page_id=1273"},"modified":"2026-01-21T08:43:48","modified_gmt":"2026-01-21T08:43:48","slug":"anasayfa","status":"publish","type":"page","link":"https:\/\/selmaakcakaya.com.tr\/?page_id=1273","title":{"rendered":"Biyografi"},"content":{"rendered":"\t\t<div data-elementor-type=\"wp-page\" data-elementor-id=\"1273\" class=\"elementor elementor-1273\">\n\t\t\t\t\t\t<section class=\"elementor-section elementor-top-section elementor-element elementor-element-555561e8 elementor-section-boxed elementor-section-height-default elementor-section-height-default\" data-id=\"555561e8\" data-element_type=\"section\">\n\t\t\t\t\t\t<div class=\"elementor-container elementor-column-gap-extended\">\n\t\t\t\t\t<div class=\"elementor-column elementor-col-100 elementor-top-column elementor-element elementor-element-454aa1c sc_layouts_column_icons_position_left\" data-id=\"454aa1c\" data-element_type=\"column\">\n\t\t\t<div class=\"elementor-widget-wrap elementor-element-populated\">\n\t\t\t\t\t\t<div class=\"elementor-element elementor-element-1d5e9dfe elementor-widget elementor-widget-text-editor\" data-id=\"1d5e9dfe\" data-element_type=\"widget\" data-widget_type=\"text-editor.default\">\n\t\t\t\t<div class=\"elementor-widget-container\">\n\t\t\t\t\t\t\t\t\t<p>Tan\u0131\u015fal\u0131m\u2026<\/p>\n<p>Ankara\u2019da do\u011fdum. \u0130lk \u00fcniversite deneyimimi Bolu\u2019da ya\u015fad\u0131m; ancak ya\u015fad\u0131\u011f\u0131m deprem nedeniyle e\u011fitimime ara vermek zorunda kald\u0131m. Bu s\u00fcre\u00e7, hayat\u0131mda y\u00f6n\u00fcm\u00fc yeniden belirlememe neden olan \u00f6nemli bir d\u00f6n\u00fcm noktas\u0131 oldu. Toplumsal ve siyasal olaylara duydu\u011fum merak beni Kamu Y\u00f6netimi b\u00f6l\u00fcm\u00fcne y\u00f6nlendirdi. \u0130nsan davran\u0131\u015flar\u0131, olaylara bak\u0131\u015f a\u00e7\u0131lar\u0131 ve bireye \u00f6\u011fretilenlerin arka plan\u0131 \u00fczerine yo\u011funla\u015ft\u0131m. Bu s\u00fcre\u00e7te Psikoloji, Felsefe ve Sosyoloji alanlar\u0131nda derinlemesine ara\u015ft\u0131rmalar yapt\u0131m.<\/p>\n<p>\u00dcniversite y\u0131llar\u0131mda felsefeye olan ilgim beni \u00e7e\u015fitli felsefe derneklerinin e\u011fitimlerine kat\u0131lmaya y\u00f6neltti. Hen\u00fcz \u00fcniversite diplomam\u0131 almadan \u00f6zel bir \u015firkette \u00e7al\u0131\u015fmaya ba\u015flad\u0131m. Uzun y\u0131llar Fikri Haklar sekt\u00f6r\u00fcnde y\u00f6netici ve Marka Bilirki\u015fisi olarak g\u00f6rev ald\u0131m. Haziran 2009\u2019da AVM &amp; Marka Dergisi\u2019nde \u201cEkonomik Krizde Marka\u201d ba\u015fl\u0131kl\u0131 makalem yay\u0131mland\u0131.<\/p>\n<p>Bu d\u00f6nemde ki\u015fisel geli\u015fim alan\u0131ndaki e\u011fitimlerimi tamamlad\u0131m ve hayat\u0131mda radikal bir karar alarak i\u015fimden ayr\u0131ld\u0131m. Amac\u0131m d\u00fcnyay\u0131 gezmekti. Bu hayalimi ger\u00e7ekle\u015ftirmek i\u00e7in Yeni Zelanda\u2019ya gittim; dil e\u011fitimi ald\u0131m ve farkl\u0131 k\u00fclt\u00fcrlerden insanlarla tan\u0131\u015farak, d\u00fcnyan\u0131n bir ucundan kendi hayat\u0131ma yeniden bakma f\u0131rsat\u0131 buldum.<\/p>\n<p>Ald\u0131\u011f\u0131m e\u011fitimler, kendimi daha derinlemesine tan\u0131mama ve ge\u00e7mi\u015ften gelen baz\u0131 sorulara yan\u0131t bulmama yard\u0131mc\u0131 oldu. Ayn\u0131 zamanda daha fazla insana dokunabilmemi sa\u011flad\u0131. Sosyal sorumluluk projelerinde yer almam, bu etkiyi daha da g\u00fc\u00e7lendirdi.<\/p>\n<p>K\u00fc\u00e7\u00fck ya\u015flardan itibaren sorgulad\u0131\u011f\u0131m ya\u015fam, insan ve bilin\u00e7 kavramlar\u0131 beni ko\u00e7luk mesle\u011fiyle tan\u0131\u015ft\u0131rd\u0131. B\u00f6ylece kendimi defalarca yeniden ke\u015ffetmeme vesile olan ikinci mesle\u011fimle tan\u0131\u015ft\u0131m. AC, ICF ve MYK belgeli bir ko\u00e7 oldum. Bu s\u00fcre\u00e7te fark\u0131ndal\u0131k temelli e\u011fitim ald\u0131m. Ald\u0131\u011f\u0131m t\u00fcm e\u011fitimler, insan davran\u0131\u015flar\u0131n\u0131 daha derinlemesine anlamama ve \u00e7al\u0131\u015fmalar\u0131m\u0131 b\u00fct\u00fcnc\u00fcl bir bak\u0131\u015f a\u00e7\u0131s\u0131yla s\u00fcrd\u00fcrmeme katk\u0131 sa\u011flad\u0131.<\/p>\n<p>Daha sonra Dubai\u2019ye giderek farkl\u0131 k\u00fclt\u00fcrlerden insanlarla tan\u0131\u015ft\u0131m ve \u00fclkeme bamba\u015fka bir perspektiften bakma \u015fans\u0131 yakalad\u0131m. D\u00fcnya yolculu\u011fumun bir di\u011fer dura\u011f\u0131 ise s\u0131rt \u00e7antamla gezdi\u011fim Balkan \u00fclkeleri oldu.<\/p>\n<p>\u0130nsan\u0131 g\u00f6zlemlemenin ve anlamaya \u00e7al\u0131\u015fman\u0131n hayat\u0131m\u0131n merkezinde oldu\u011funu fark etmemle birlikte, Ankara \u00dcniversitesi \u0130nsan \u0130li\u015fkileri b\u00f6l\u00fcm\u00fcnde y\u00fcksek lisans yapt\u0131m. Pandemi d\u00f6neminde kurdu\u011fum \u015firket arac\u0131l\u0131\u011f\u0131yla insanlara psikolojik temele dayal\u0131 ki\u015fisel geli\u015fim deste\u011fi sundum. Farkl\u0131 konu ve konuklarla Instagram \u00fczerinden canl\u0131 yay\u0131nlar ger\u00e7ekle\u015ftirdim.<\/p>\n<p>Ald\u0131\u011f\u0131m bir\u00e7ok e\u011fitim ve ya\u015fad\u0131\u011f\u0131m deneyimler sayesinde, kendimi ke\u015ffetme yolculu\u011fumda nas\u0131l beslendi\u011fimin fark\u0131na vard\u0131m. \u0130lgi alanlar\u0131m a\u011f\u0131rl\u0131kl\u0131 olarak insan ileti\u015fimi, psikolojisi, davran\u0131\u015flar\u0131 ve hayal d\u00fcnyamdan do\u011fan hik\u00e2yeler oldu. Bu yolculu\u011fun do\u011fal bir sonucu olarak amat\u00f6r yazarl\u0131k hayat\u0131ma girdi.<\/p>\n<p>\u00c7ocuklu\u011fumdan bug\u00fcne, \u00f6nce kendimi anlamaya \u00e7al\u0131\u015f\u0131rken yeni bak\u0131\u015f a\u00e7\u0131lar\u0131 kazand\u0131\u011f\u0131m\u0131 fark ettim. Her zaman \u201cen iyi yat\u0131r\u0131m insana yat\u0131r\u0131md\u0131r\u201d d\u00fc\u015f\u00fcncesiyle hareket ettim. Ne kadar \u00f6\u011frenirsem \u00f6\u011freneyim, hep daha fazlas\u0131n\u0131 istedim. Bu y\u00fczden h\u00e2l\u00e2 okuyorum, ara\u015ft\u0131r\u0131yorum, yaz\u0131yorum ve biliyorum ki \u00f6\u011frenecek \u00e7ok \u015feyim var.<\/p>\n<p>T\u00fcm bu deneyimlerin bana \u00f6\u011fretti\u011fi en \u00f6nemli \u015fey ise \u015fuydu: Hi\u00e7bir \u015fey i\u00e7in ge\u00e7 de\u011fil. \u0130stersem her \u015feyi yapabilirim. Bunun i\u00e7in tek yapmam gereken kendimi ke\u015ffetmekti.<\/p>\n<p>\u00a0<\/p>\t\t\t\t\t\t\t\t<\/div>\n\t\t\t\t<\/div>\n\t\t\t\t\t<\/div>\n\t\t<\/div>\n\t\t\t\t\t<\/div>\n\t\t<\/section>\n\t\t\t\t<\/div>\n\t\t","protected":false},"excerpt":{"rendered":"<p>Tan\u0131\u015fal\u0131m\u2026 Ankara\u2019da do\u011fdum. \u0130lk \u00fcniversite deneyimimi Bolu\u2019da ya\u015fad\u0131m; ancak ya\u015fad\u0131\u011f\u0131m deprem nedeniyle e\u011fitimime ara vermek zorunda kald\u0131m. Bu s\u00fcre\u00e7, hayat\u0131mda y\u00f6n\u00fcm\u00fc yeniden belirlememe neden olan \u00f6nemli bir d\u00f6n\u00fcm noktas\u0131 oldu. Toplumsal ve&hellip;<\/p>\n","protected":false},"author":1,"featured_media":0,"parent":0,"menu_order":0,"comment_status":"closed","ping_status":"closed","template":"","meta":{"_monsterinsights_skip_tracking":false,"_monsterinsights_sitenote_active":false,"_monsterinsights_sitenote_note":"","_monsterinsights_sitenote_category":0,"footnotes":""},"class_list":["post-1273","page","type-page","status-publish","hentry"],"yoast_head":"<!-- This site is optimized with the Yoast SEO plugin v27.5 - https:\/\/yoast.com\/product\/yoast-seo-wordpress\/ -->\n<title>Biyografi - Selma Akku\u015f<\/title>\n<meta name=\"robots\" content=\"index, follow, max-snippet:-1, max-image-preview:large, max-video-preview:-1\" \/>\n<link rel=\"canonical\" href=\"https:\/\/selmaakcakaya.com.tr\/?page_id=1273\" \/>\n<meta property=\"og:locale\" content=\"en_US\" \/>\n<meta property=\"og:type\" content=\"article\" \/>\n<meta property=\"og:title\" content=\"Biyografi - Selma Akku\u015f\" \/>\n<meta property=\"og:description\" content=\"Tan\u0131\u015fal\u0131m\u2026 Ankara\u2019da do\u011fdum. \u0130lk \u00fcniversite deneyimimi Bolu\u2019da ya\u015fad\u0131m; ancak ya\u015fad\u0131\u011f\u0131m deprem nedeniyle e\u011fitimime ara vermek zorunda kald\u0131m. Bu s\u00fcre\u00e7, hayat\u0131mda y\u00f6n\u00fcm\u00fc yeniden belirlememe neden olan \u00f6nemli bir d\u00f6n\u00fcm noktas\u0131 oldu. Toplumsal ve&hellip;\" \/>\n<meta property=\"og:url\" content=\"https:\/\/selmaakcakaya.com.tr\/?page_id=1273\" \/>\n<meta property=\"og:site_name\" content=\"Selma Akku\u015f\" \/>\n<meta property=\"article:modified_time\" content=\"2026-01-21T08:43:48+00:00\" \/>\n<meta name=\"twitter:card\" content=\"summary_large_image\" \/>\n<meta name=\"twitter:label1\" content=\"Est. reading time\" \/>\n\t<meta name=\"twitter:data1\" content=\"2 minutes\" \/>\n<script type=\"application\/ld+json\" class=\"yoast-schema-graph\">{\"@context\":\"https:\\\/\\\/schema.org\",\"@graph\":[{\"@type\":\"WebPage\",\"@id\":\"https:\\\/\\\/selmaakcakaya.com.tr\\\/?page_id=1273\",\"url\":\"https:\\\/\\\/selmaakcakaya.com.tr\\\/?page_id=1273\",\"name\":\"Biyografi - Selma Akku\u015f\",\"isPartOf\":{\"@id\":\"https:\\\/\\\/selmaakcakaya.com.tr\\\/#website\"},\"datePublished\":\"2026-01-21T08:07:01+00:00\",\"dateModified\":\"2026-01-21T08:43:48+00:00\",\"breadcrumb\":{\"@id\":\"https:\\\/\\\/selmaakcakaya.com.tr\\\/?page_id=1273#breadcrumb\"},\"inLanguage\":\"en-US\",\"potentialAction\":[{\"@type\":\"ReadAction\",\"target\":[\"https:\\\/\\\/selmaakcakaya.com.tr\\\/?page_id=1273\"]}]},{\"@type\":\"BreadcrumbList\",\"@id\":\"https:\\\/\\\/selmaakcakaya.com.tr\\\/?page_id=1273#breadcrumb\",\"itemListElement\":[{\"@type\":\"ListItem\",\"position\":1,\"name\":\"Home\",\"item\":\"https:\\\/\\\/selmaakcakaya.com.tr\\\/\"},{\"@type\":\"ListItem\",\"position\":2,\"name\":\"Biyografi\"}]},{\"@type\":\"WebSite\",\"@id\":\"https:\\\/\\\/selmaakcakaya.com.tr\\\/#website\",\"url\":\"https:\\\/\\\/selmaakcakaya.com.tr\\\/\",\"name\":\"Selma Akku\u015f\",\"description\":\"Ya\u015fam Ko\u00e7u\",\"potentialAction\":[{\"@type\":\"SearchAction\",\"target\":{\"@type\":\"EntryPoint\",\"urlTemplate\":\"https:\\\/\\\/selmaakcakaya.com.tr\\\/?s={search_term_string}\"},\"query-input\":{\"@type\":\"PropertyValueSpecification\",\"valueRequired\":true,\"valueName\":\"search_term_string\"}}],\"inLanguage\":\"en-US\"}]}<\/script>\n<!-- \/ Yoast SEO plugin. -->","yoast_head_json":{"title":"Biyografi - Selma Akku\u015f","robots":{"index":"index","follow":"follow","max-snippet":"max-snippet:-1","max-image-preview":"max-image-preview:large","max-video-preview":"max-video-preview:-1"},"canonical":"https:\/\/selmaakcakaya.com.tr\/?page_id=1273","og_locale":"en_US","og_type":"article","og_title":"Biyografi - Selma Akku\u015f","og_description":"Tan\u0131\u015fal\u0131m\u2026 Ankara\u2019da do\u011fdum. \u0130lk \u00fcniversite deneyimimi Bolu\u2019da ya\u015fad\u0131m; ancak ya\u015fad\u0131\u011f\u0131m deprem nedeniyle e\u011fitimime ara vermek zorunda kald\u0131m. Bu s\u00fcre\u00e7, hayat\u0131mda y\u00f6n\u00fcm\u00fc yeniden belirlememe neden olan \u00f6nemli bir d\u00f6n\u00fcm noktas\u0131 oldu. Toplumsal ve&hellip;","og_url":"https:\/\/selmaakcakaya.com.tr\/?page_id=1273","og_site_name":"Selma Akku\u015f","article_modified_time":"2026-01-21T08:43:48+00:00","twitter_card":"summary_large_image","twitter_misc":{"Est. reading time":"2 minutes"},"schema":{"@context":"https:\/\/schema.org","@graph":[{"@type":"WebPage","@id":"https:\/\/selmaakcakaya.com.tr\/?page_id=1273","url":"https:\/\/selmaakcakaya.com.tr\/?page_id=1273","name":"Biyografi - Selma Akku\u015f","isPartOf":{"@id":"https:\/\/selmaakcakaya.com.tr\/#website"},"datePublished":"2026-01-21T08:07:01+00:00","dateModified":"2026-01-21T08:43:48+00:00","breadcrumb":{"@id":"https:\/\/selmaakcakaya.com.tr\/?page_id=1273#breadcrumb"},"inLanguage":"en-US","potentialAction":[{"@type":"ReadAction","target":["https:\/\/selmaakcakaya.com.tr\/?page_id=1273"]}]},{"@type":"BreadcrumbList","@id":"https:\/\/selmaakcakaya.com.tr\/?page_id=1273#breadcrumb","itemListElement":[{"@type":"ListItem","position":1,"name":"Home","item":"https:\/\/selmaakcakaya.com.tr\/"},{"@type":"ListItem","position":2,"name":"Biyografi"}]},{"@type":"WebSite","@id":"https:\/\/selmaakcakaya.com.tr\/#website","url":"https:\/\/selmaakcakaya.com.tr\/","name":"Selma Akku\u015f","description":"Ya\u015fam Ko\u00e7u","potentialAction":[{"@type":"SearchAction","target":{"@type":"EntryPoint","urlTemplate":"https:\/\/selmaakcakaya.com.tr\/?s={search_term_string}"},"query-input":{"@type":"PropertyValueSpecification","valueRequired":true,"valueName":"search_term_string"}}],"inLanguage":"en-US"}]}},"_links":{"self":[{"href":"https:\/\/selmaakcakaya.com.tr\/index.php?rest_route=\/wp\/v2\/pages\/1273","targetHints":{"allow":["GET"]}}],"collection":[{"href":"https:\/\/selmaakcakaya.com.tr\/index.php?rest_route=\/wp\/v2\/pages"}],"about":[{"href":"https:\/\/selmaakcakaya.com.tr\/index.php?rest_route=\/wp\/v2\/types\/page"}],"author":[{"embeddable":true,"href":"https:\/\/selmaakcakaya.com.tr\/index.php?rest_route=\/wp\/v2\/users\/1"}],"replies":[{"embeddable":true,"href":"https:\/\/selmaakcakaya.com.tr\/index.php?rest_route=%2Fwp%2Fv2%2Fcomments&post=1273"}],"version-history":[{"count":8,"href":"https:\/\/selmaakcakaya.com.tr\/index.php?rest_route=\/wp\/v2\/pages\/1273\/revisions"}],"predecessor-version":[{"id":1287,"href":"https:\/\/selmaakcakaya.com.tr\/index.php?rest_route=\/wp\/v2\/pages\/1273\/revisions\/1287"}],"wp:attachment":[{"href":"https:\/\/selmaakcakaya.com.tr\/index.php?rest_route=%2Fwp%2Fv2%2Fmedia&parent=1273"}],"curies":[{"name":"wp","href":"https:\/\/api.w.org\/{rel}","templated":true}]}}